{"id":148,"date":"2019-05-09T20:35:44","date_gmt":"2019-05-09T20:35:44","guid":{"rendered":"http:\/\/mueblesluna.com\/?page_id=148"},"modified":"2019-07-29T13:51:39","modified_gmt":"2019-07-29T13:51:39","slug":"informacion","status":"publish","type":"page","link":"http:\/\/mueblesluna.com\/?page_id=148","title":{"rendered":"Informaci\u00f3n"},"content":{"rendered":"\t\t<div data-elementor-type=\"post\" data-elementor-id=\"148\" class=\"elementor elementor-148\" data-elementor-settings=\"[]\">\n\t\t\t<div class=\"elementor-inner\">\n\t\t\t\t<div class=\"elementor-section-wrap\">\n\t\t\t\t\t\t\t<section class=\"elementor-element elementor-element-c773f74 elementor-section-boxed elementor-section-height-default elementor-section-height-default elementor-section elementor-top-section\" data-id=\"c773f74\" data-element_type=\"section\">\n\t\t\t\t\t\t<div class=\"elementor-container elementor-column-gap-default\">\n\t\t\t\t<div class=\"elementor-row\">\n\t\t\t\t<div class=\"elementor-element elementor-element-cd28a97 elementor-column elementor-col-100 elementor-top-column\" data-id=\"cd28a97\" data-element_type=\"column\">\n\t\t\t<div class=\"elementor-column-wrap  elementor-element-populated\">\n\t\t\t\t\t<div class=\"elementor-widget-wrap\">\n\t\t\t\t<div class=\"elementor-element elementor-element-9c5be72 elementor-widget elementor-widget-accordion\" data-id=\"9c5be72\" data-element_type=\"widget\" data-widget_type=\"accordion.default\">\n\t\t\t\t<div class=\"elementor-widget-container\">\n\t\t\t\t\t<div class=\"elementor-accordion\" role=\"tablist\">\n\t\t\t\t\t\t\t<div class=\"elementor-accordion-item\">\n\t\t\t\t\t<div id=\"elementor-tab-title-1631\" class=\"elementor-tab-title\" data-tab=\"1\" role=\"tab\" aria-controls=\"elementor-tab-content-1631\">\n\t\t\t\t\t\t\t\t\t\t\t\t<span class=\"elementor-accordion-icon elementor-accordion-icon-left\" aria-hidden=\"true\">\n\t\t\t\t\t\t\t<i class=\"elementor-accordion-icon-closed fa fa-plus\"><\/i>\n\t\t\t\t\t\t\t<i class=\"elementor-accordion-icon-opened fa fa-minus\"><\/i>\n\t\t\t\t\t\t<\/span>\n\t\t\t\t\t\t\t\t\t\t\t\t<a href=\"\">Beneficios de nuestros muebles<\/a>\n\t\t\t\t\t<\/div>\n\t\t\t\t\t<div id=\"elementor-tab-content-1631\" class=\"elementor-tab-content elementor-clearfix\" data-tab=\"1\" role=\"tabpanel\" aria-labelledby=\"elementor-tab-title-1631\"><ul class=\"ul1\"><li class=\"li1\">Madera secada al horno t\u00e9cnicamente a 12 grados de humedad para que no se pandee, ni se reviente. Utilizamos radiata importada, al igual que palo blanco y cipr\u00e9s nacional secado al horno. Tambi\u00e9n utilizamos MDF (Mediun Density Fiberboard\/ tableros de fibra de madera de densidad media).<\/li><li class=\"li1\">Fondos y acabados hechos de resina italiana y fondos y acabados de nitrocelusa.<\/li><li class=\"li1\">Nuestros comedores no son atornillados el armado es a base de espiga y escoplo, d\u00e1ndole al producto mas tiempo de vida.<\/li><\/ul><\/div>\n\t\t\t\t<\/div>\n\t\t\t\t\t\t\t<div class=\"elementor-accordion-item\">\n\t\t\t\t\t<div id=\"elementor-tab-title-1632\" class=\"elementor-tab-title\" data-tab=\"2\" role=\"tab\" aria-controls=\"elementor-tab-content-1632\">\n\t\t\t\t\t\t\t\t\t\t\t\t<span class=\"elementor-accordion-icon elementor-accordion-icon-left\" aria-hidden=\"true\">\n\t\t\t\t\t\t\t<i class=\"elementor-accordion-icon-closed fa fa-plus\"><\/i>\n\t\t\t\t\t\t\t<i class=\"elementor-accordion-icon-opened fa fa-minus\"><\/i>\n\t\t\t\t\t\t<\/span>\n\t\t\t\t\t\t\t\t\t\t\t\t<a href=\"\">Garantias<\/a>\n\t\t\t\t\t<\/div>\n\t\t\t\t\t<div id=\"elementor-tab-content-1632\" class=\"elementor-tab-content elementor-clearfix\" data-tab=\"2\" role=\"tabpanel\" aria-labelledby=\"elementor-tab-title-1632\"><ul class=\"ul1\"><li class=\"li1\">Recuerde que la duraci\u00f3n de un mueble depende en gran parte del buen uso y cuidado.<\/li><li class=\"li1\">Un a\u00f1o de garant\u00eda por desperfectos de fabrica.<\/li><li class=\"li1\">La garant\u00eda no cubre: Piezas golpeadas, rayadas y raspadas, pl\u00e1stico y tela rota o sucia sillas flojas\u00a0<span class=\"s2\">por mal uso.<\/span><\/li><\/ul><\/div>\n\t\t\t\t<\/div>\n\t\t\t\t\t\t\t<div class=\"elementor-accordion-item\">\n\t\t\t\t\t<div id=\"elementor-tab-title-1633\" class=\"elementor-tab-title\" data-tab=\"3\" role=\"tab\" aria-controls=\"elementor-tab-content-1633\">\n\t\t\t\t\t\t\t\t\t\t\t\t<span class=\"elementor-accordion-icon elementor-accordion-icon-left\" aria-hidden=\"true\">\n\t\t\t\t\t\t\t<i class=\"elementor-accordion-icon-closed fa fa-plus\"><\/i>\n\t\t\t\t\t\t\t<i class=\"elementor-accordion-icon-opened fa fa-minus\"><\/i>\n\t\t\t\t\t\t<\/span>\n\t\t\t\t\t\t\t\t\t\t\t\t<a href=\"\">Sugerencias<\/a>\n\t\t\t\t\t<\/div>\n\t\t\t\t\t<div id=\"elementor-tab-content-1633\" class=\"elementor-tab-content elementor-clearfix\" data-tab=\"3\" role=\"tabpanel\" aria-labelledby=\"elementor-tab-title-1633\"><ul class=\"ul1\"><li class=\"li1\">Limpiar el polvo de los muebles de madera con un pa\u00f1o de algod\u00f3n h\u00famedo y limpio.<\/li><li class=\"li1\">No incline las sillas hacia atr\u00e1s, ni se siente en el apoya brazos.<\/li><li class=\"li1\">No use aceites para limpiar sus muebles. Sus \u00e1cidos opacan el terminado de la madera y pueden darle tonos gris\u00e1ceos.<\/li><li class=\"li1\">No exponga los muebles a los rayos de sol y lluvia.<\/li><\/ul><\/div>\n\t\t\t\t<\/div>\n\t\t\t\t\t<\/div>\n\t\t\t\t<\/div>\n\t\t\t\t<\/div>\n\t\t\t\t\t\t<\/div>\n\t\t\t<\/div>\n\t\t<\/div>\n\t\t\t\t\t\t<\/div>\n\t\t\t<\/div>\n\t\t<\/section>\n\t\t\t\t<section class=\"elementor-element elementor-element-5ffe915 elementor-section-boxed elementor-section-height-default elementor-section-height-default elementor-section elementor-top-section\" data-id=\"5ffe915\" data-element_type=\"section\">\n\t\t\t\t\t\t<div class=\"elementor-container elementor-column-gap-default\">\n\t\t\t\t<div class=\"elementor-row\">\n\t\t\t\t<div class=\"elementor-element elementor-element-b4f3999 elementor-column elementor-col-100 elementor-top-column\" data-id=\"b4f3999\" data-element_type=\"column\">\n\t\t\t<div class=\"elementor-column-wrap  elementor-element-populated\">\n\t\t\t\t\t<div class=\"elementor-widget-wrap\">\n\t\t\t\t<div class=\"elementor-element elementor-element-47630b5 elementor-aspect-ratio-169 elementor-widget elementor-widget-video\" data-id=\"47630b5\" data-element_type=\"widget\" data-settings=\"{&quot;aspect_ratio&quot;:&quot;169&quot;}\" data-widget_type=\"video.default\">\n\t\t\t\t<div class=\"elementor-widget-container\">\n\t\t\t\t\t<div class=\"elementor-wrapper elementor-fit-aspect-ratio elementor-open-inline\">\n\t\t\t<iframe class=\"elementor-video-iframe\" allowfullscreen src=\"https:\/\/player.vimeo.com\/video\/350728721?start&amp;end&amp;wmode=opaque&amp;loop=0&amp;controls=1&amp;mute=0&amp;rel=0&amp;modestbranding=0#t=\"><\/iframe>\t\t<\/div>\n\t\t\t\t<\/div>\n\t\t\t\t<\/div>\n\t\t\t\t\t\t<\/div>\n\t\t\t<\/div>\n\t\t<\/div>\n\t\t\t\t\t\t<\/div>\n\t\t\t<\/div>\n\t\t<\/section>\n\t\t\t\t\t\t<\/div>\n\t\t\t<\/div>\n\t\t<\/div>\n\t\t","protected":false},"excerpt":{"rendered":"<p>Beneficios de nuestros muebles Madera secada al horno t\u00e9cnicamente a 12 grados de humedad para que no se pandee, ni se reviente. Utilizamos radiata importada, al igual que palo blanco y cipr\u00e9s nacional secado al horno. Tambi\u00e9n utilizamos MDF (Mediun Density Fiberboard\/ tableros de fibra de madera de densidad media). Fondos y acabados hechos de [&hellip;]<\/p>\n","protected":false},"author":1,"featured_media":0,"parent":115,"menu_order":0,"comment_status":"closed","ping_status":"closed","template":"elementor_header_footer","meta":{"footnotes":""},"class_list":["post-148","page","type-page","status-publish","hentry"],"_links":{"self":[{"href":"http:\/\/mueblesluna.com\/index.php?rest_route=\/wp\/v2\/pages\/148","targetHints":{"allow":["GET"]}}],"collection":[{"href":"http:\/\/mueblesluna.com\/index.php?rest_route=\/wp\/v2\/pages"}],"about":[{"href":"http:\/\/mueblesluna.com\/index.php?rest_route=\/wp\/v2\/types\/page"}],"author":[{"embeddable":true,"href":"http:\/\/mueblesluna.com\/index.php?rest_route=\/wp\/v2\/users\/1"}],"replies":[{"embeddable":true,"href":"http:\/\/mueblesluna.com\/index.php?rest_route=%2Fwp%2Fv2%2Fcomments&post=148"}],"version-history":[{"count":5,"href":"http:\/\/mueblesluna.com\/index.php?rest_route=\/wp\/v2\/pages\/148\/revisions"}],"predecessor-version":[{"id":204,"href":"http:\/\/mueblesluna.com\/index.php?rest_route=\/wp\/v2\/pages\/148\/revisions\/204"}],"up":[{"embeddable":true,"href":"http:\/\/mueblesluna.com\/index.php?rest_route=\/wp\/v2\/pages\/115"}],"wp:attachment":[{"href":"http:\/\/mueblesluna.com\/index.php?rest_route=%2Fwp%2Fv2%2Fmedia&parent=148"}],"curies":[{"name":"wp","href":"https:\/\/api.w.org\/{rel}","templated":true}]}}